{"id":289,"date":"2023-01-25T10:58:19","date_gmt":"2023-01-25T15:58:19","guid":{"rendered":"https:\/\/qa.stm-harcelement.nurunmtl.com\/?page_id=289"},"modified":"2023-05-18T09:15:12","modified_gmt":"2023-05-18T13:15:12","slug":"pourquoi-les-personnes-victimes-ne-portent-elles-pas-plainte-au-moment-ou-le-harcelement-de-rue-se-produit","status":"publish","type":"page","link":"https:\/\/www.temoinsagissons.ca\/fr\/foire-aux-questions\/pourquoi-les-personnes-victimes-ne-portent-elles-pas-plainte-au-moment-ou-le-harcelement-de-rue-se-produit\/","title":{"rendered":"Pourquoi les personnes victimes ne portent-elles pas plainte au moment o\u00f9 le harc\u00e8lement de rue se produit\u00a0?"},"content":{"rendered":"\n<p>Selon un rapport de recherche<sup><a  data-type=\"internal\" data-id=\"#note1\"  class=\"note-bas-de-page\" name=\"top_note1\" aria-label=\"Lien vers la note de bas de page #1\" href=\"#note1\">*<\/a><\/sup>, moins d\u2019une personne sur dix a signal\u00e9 les faits ou port\u00e9 plainte apr\u00e8s avoir subi du harc\u00e8lement de rue \u00e0 Montr\u00e9al. Plusieurs personnes interrog\u00e9es ont mentionn\u00e9 que \u00ab\u00a0ce n\u2019\u00e9tait pas assez grave\u00a0\u00bb, ou qu\u2019elles \u00ab\u00a0avaient peur de ne pas \u00eatre prises au s\u00e9rieux\u00a0\u00bb, \u00ab\u00a0ne savaient pas \u00e0 qui s\u2019adresser\u00a0\u00bb ou \u00ab\u00a0avaient peur de repr\u00e9sailles\u00a0\u00bb.<\/p>\n\n\n\n<div class=\"bloc-stm-text-theme theme-purple plain boxed \">\n    \n\n<p id=\"note1\">* <a href=\"https:\/\/portail-m4s.s3.montreal.ca\/pdf\/vdm_rapport_harcelement_de_rue_2022.pdf\" target=\"_blank\" rel=\"noreferrer noopener\">Rapport de recherche sur le harc\u00e8lement de rue \u00e0 Montr\u00e9al. UQAM\/C\u00c9AF. Courcy, Isabelle, Lavoie Mongrain, Catherine, Blais, M\u00e9lissa (2022). <\/a> <a href=\"#top_note1\" class=\"nbp-top\" aria-label=\"Retour \u00e0 la source de la note #1\" data-type=\"internal\"><img decoding=\"async\" role=\"img\" alt=\"Retour \u00e0 la source de la note #1\" src=\"\/wp-content\/themes\/stm-harcelement\/assets\/images\/back.svg\"><\/a>\n\n\n<\/div>\n","protected":false},"excerpt":{"rendered":"<p>Selon un rapport de recherche*, moins d\u2019une personne sur dix a signal\u00e9 les faits ou port\u00e9 plainte apr\u00e8s avoir subi du harc\u00e8lement de rue \u00e0 Montr\u00e9al. Plusieurs personnes interrog\u00e9es ont mentionn\u00e9 que \u00ab\u00a0ce n\u2019\u00e9tait pas assez grave\u00a0\u00bb, ou qu\u2019elles \u00ab\u00a0avaient peur de ne pas \u00eatre prises au s\u00e9rieux\u00a0\u00bb, \u00ab\u00a0ne savaient pas \u00e0 qui s\u2019adresser\u00a0\u00bb ou\u2026<\/p>\n","protected":false},"author":1,"featured_media":0,"parent":44,"menu_order":8,"comment_status":"closed","ping_status":"closed","template":"","meta":{"inline_featured_image":false,"footnotes":""},"acf":[],"_links":{"self":[{"href":"https:\/\/www.temoinsagissons.ca\/fr\/wp-json\/wp\/v2\/pages\/289"}],"collection":[{"href":"https:\/\/www.temoinsagissons.ca\/fr\/wp-json\/wp\/v2\/pages"}],"about":[{"href":"https:\/\/www.temoinsagissons.ca\/fr\/wp-json\/wp\/v2\/types\/page"}],"author":[{"embeddable":true,"href":"https:\/\/www.temoinsagissons.ca\/fr\/wp-json\/wp\/v2\/users\/1"}],"replies":[{"embeddable":true,"href":"https:\/\/www.temoinsagissons.ca\/fr\/wp-json\/wp\/v2\/comments?post=289"}],"version-history":[{"count":7,"href":"https:\/\/www.temoinsagissons.ca\/fr\/wp-json\/wp\/v2\/pages\/289\/revisions"}],"predecessor-version":[{"id":1079,"href":"https:\/\/www.temoinsagissons.ca\/fr\/wp-json\/wp\/v2\/pages\/289\/revisions\/1079"}],"up":[{"embeddable":true,"href":"https:\/\/www.temoinsagissons.ca\/fr\/wp-json\/wp\/v2\/pages\/44"}],"wp:attachment":[{"href":"https:\/\/www.temoinsagissons.ca\/fr\/wp-json\/wp\/v2\/media?parent=289"}],"curies":[{"name":"wp","href":"https:\/\/api.w.org\/{rel}","templated":true}]}}