{"id":427,"date":"2023-01-25T10:58:19","date_gmt":"2023-01-25T15:58:19","guid":{"rendered":"https:\/\/qa.stm-harcelement.nurunmtl.com\/?page_id=427"},"modified":"2023-05-18T10:29:11","modified_gmt":"2023-05-18T14:29:11","slug":"why-do-victims-of-street-harassment-not-report-it-when-it-happens","status":"publish","type":"page","link":"https:\/\/www.temoinsagissons.ca\/en\/frequently-asked-questions\/why-do-victims-of-street-harassment-not-report-it-when-it-happens\/","title":{"rendered":"Why do victims of street harassment not report it when it happens?"},"content":{"rendered":"\n<p>According to a research report<sup><a   class=\"note-bas-de-page\" name=\"top_note3\" aria-label=\"Link to the footnote #3\" href=\"#note3\">*<\/a><\/sup>, fewer than one in ten people reported the event or filed a complaint after experiencing street harassment in Montr\u00e9al.\u00a0Many people surveyed said that \u201cit\u2019s not serious enough,\u201d or that they were \u201cafraid of not being taken seriously\u201d, \u201cdid not know who to report it to\u201d or were \u201cafraid of retaliation.\u201d<\/p>\n\n\n\n<div class=\"bloc-stm-text-theme theme-purple plain boxed \">\n    \n\n<p class=\"fr\" id=\"note3\">* <a href=\"https:\/\/portail-m4s.s3.montreal.ca\/pdf\/vdm_rapport_harcelement_de_rue_2022.pdf\" target=\"_blank\" rel=\"noreferrer noopener\">Rapport de recherche sur le harc\u00e8lement de rue \u00e0 Montr\u00e9al. UQAM\/C\u00c9AF. Courcy, Isabelle, Lavoie Mongrain, Catherine, Blais, M\u00e9lissa (2022)<\/a>. (in French) <a href=\"#top_note3\" class=\"nbp-top\" aria-label=\"Back to the source #3\" data-type=\"internal\"><img decoding=\"async\" role=\"img\" alt=\"Back to the source #3\" src=\"\/wp-content\/themes\/stm-harcelement\/assets\/images\/back.svg\"><\/a>\n\n\n<\/div>\n","protected":false},"excerpt":{"rendered":"<p>According to a research report*, fewer than one in ten people reported the event or filed a complaint after experiencing street harassment in Montr\u00e9al.\u00a0Many people surveyed said that \u201cit\u2019s not serious enough,\u201d or that they were \u201cafraid of not being taken seriously\u201d, \u201cdid not know who to report it to\u201d or were \u201cafraid of retaliation.\u201d<\/p>\n","protected":false},"author":1,"featured_media":0,"parent":453,"menu_order":8,"comment_status":"closed","ping_status":"closed","template":"","meta":{"inline_featured_image":false,"footnotes":""},"acf":[],"_links":{"self":[{"href":"https:\/\/www.temoinsagissons.ca\/en\/wp-json\/wp\/v2\/pages\/427"}],"collection":[{"href":"https:\/\/www.temoinsagissons.ca\/en\/wp-json\/wp\/v2\/pages"}],"about":[{"href":"https:\/\/www.temoinsagissons.ca\/en\/wp-json\/wp\/v2\/types\/page"}],"author":[{"embeddable":true,"href":"https:\/\/www.temoinsagissons.ca\/en\/wp-json\/wp\/v2\/users\/1"}],"replies":[{"embeddable":true,"href":"https:\/\/www.temoinsagissons.ca\/en\/wp-json\/wp\/v2\/comments?post=427"}],"version-history":[{"count":16,"href":"https:\/\/www.temoinsagissons.ca\/en\/wp-json\/wp\/v2\/pages\/427\/revisions"}],"predecessor-version":[{"id":1088,"href":"https:\/\/www.temoinsagissons.ca\/en\/wp-json\/wp\/v2\/pages\/427\/revisions\/1088"}],"up":[{"embeddable":true,"href":"https:\/\/www.temoinsagissons.ca\/en\/wp-json\/wp\/v2\/pages\/453"}],"wp:attachment":[{"href":"https:\/\/www.temoinsagissons.ca\/en\/wp-json\/wp\/v2\/media?parent=427"}],"curies":[{"name":"wp","href":"https:\/\/api.w.org\/{rel}","templated":true}]}}